{"id":8,"date":"2015-12-07T11:45:09","date_gmt":"2015-12-07T10:45:09","guid":{"rendered":"http:\/\/www.stadtwerke-zerbst.de\/swz\/?page_id=8"},"modified":"2025-05-21T09:21:05","modified_gmt":"2025-05-21T07:21:05","slug":"erlebnisbad","status":"publish","type":"page","link":"https:\/\/www.stadtwerke-zerbst.de\/swz\/index.php\/erlebnisbad\/","title":{"rendered":"Erlebnisbad"},"content":{"rendered":"[vc_row type=&#8220;in_container&#8220; full_screen_row_position=&#8220;middle&#8220; column_margin=&#8220;default&#8220; column_direction=&#8220;default&#8220; column_direction_tablet=&#8220;default&#8220; column_direction_phone=&#8220;default&#8220; scene_position=&#8220;center&#8220; text_color=&#8220;dark&#8220; text_align=&#8220;left&#8220; row_border_radius=&#8220;none&#8220; row_border_radius_applies=&#8220;bg&#8220; overflow=&#8220;visible&#8220; overlay_strength=&#8220;0.3&#8243; gradient_direction=&#8220;left_to_right&#8220; shape_divider_position=&#8220;bottom&#8220; bg_image_animation=&#8220;none&#8220;][vc_column column_padding=&#8220;no-extra-padding&#8220; column_padding_tablet=&#8220;inherit&#8220; column_padding_phone=&#8220;inherit&#8220; column_padding_position=&#8220;all&#8220; column_element_spacing=&#8220;default&#8220; background_color_opacity=&#8220;1&#8243; background_hover_color_opacity=&#8220;1&#8243; column_shadow=&#8220;none&#8220; column_border_radius=&#8220;none&#8220; column_link_target=&#8220;_self&#8220; column_position=&#8220;default&#8220; gradient_direction=&#8220;left_to_right&#8220; overlay_strength=&#8220;0.3&#8243; width=&#8220;1\/1&#8243; tablet_width_inherit=&#8220;default&#8220; tablet_text_alignment=&#8220;default&#8220; phone_text_alignment=&#8220;default&#8220; animation_type=&#8220;default&#8220; bg_image_animation=&#8220;none&#8220; border_type=&#8220;simple&#8220; column_border_width=&#8220;none&#8220; column_border_style=&#8220;solid&#8220;][divider line_type=&#8220;No Line&#8220;][vc_column_text]\n<h2><\/h2>\n<h2>Erlebnisbad<\/h2>\n[\/vc_column_text][divider line_type=&#8220;Full Width Line&#8220; line_thickness=&#8220;1&#8243; divider_color=&#8220;accent-color&#8220;][\/vc_column][\/vc_row][vc_row type=&#8220;in_container&#8220; full_screen_row_position=&#8220;middle&#8220; column_margin=&#8220;default&#8220; column_direction=&#8220;default&#8220; column_direction_tablet=&#8220;default&#8220; column_direction_phone=&#8220;default&#8220; scene_position=&#8220;center&#8220; text_color=&#8220;dark&#8220; text_align=&#8220;left&#8220; row_border_radius=&#8220;none&#8220; row_border_radius_applies=&#8220;bg&#8220; overflow=&#8220;visible&#8220; overlay_strength=&#8220;0.3&#8243; gradient_direction=&#8220;left_to_right&#8220; shape_divider_position=&#8220;bottom&#8220; bg_image_animation=&#8220;none&#8220; shape_type=&#8220;&#8220;][vc_column column_padding=&#8220;padding-2-percent&#8220; column_padding_tablet=&#8220;inherit&#8220; column_padding_phone=&#8220;inherit&#8220; column_padding_position=&#8220;right&#8220; column_element_spacing=&#8220;default&#8220; background_color_opacity=&#8220;1&#8243; background_hover_color_opacity=&#8220;1&#8243; column_shadow=&#8220;none&#8220; column_border_radius=&#8220;none&#8220; column_link_target=&#8220;_self&#8220; column_position=&#8220;default&#8220; gradient_direction=&#8220;left_to_right&#8220; overlay_strength=&#8220;0.3&#8243; width=&#8220;1\/2&#8243; tablet_width_inherit=&#8220;default&#8220; tablet_text_alignment=&#8220;default&#8220; phone_text_alignment=&#8220;default&#8220; animation_type=&#8220;default&#8220; bg_image_animation=&#8220;none&#8220; border_type=&#8220;simple&#8220; column_border_width=&#8220;none&#8220; column_border_style=&#8220;solid&#8220;][vc_column_text]\n<h4>Herzlich willkommen\u00a0im Erlebnisbad\u00a0Zerbst.<\/h4>\n[\/vc_column_text][divider line_type=&#8220;No Line&#8220;][vc_column_text]Das Erlebnisfreibad wird am 7. Juni 2025 er\u00f6ffnet.<\/p>\n<p>Die \u00d6ffnungszeiten im Juni\/September sind von 11:00 Uhr &#8211; 19:00 Uhr und im Juli\/August von 09:00-20:00 Uhr.[\/vc_column_text][\/vc_column][vc_column column_padding=&#8220;no-extra-padding&#8220; column_padding_tablet=&#8220;inherit&#8220; column_padding_phone=&#8220;inherit&#8220; column_padding_position=&#8220;left&#8220; column_element_spacing=&#8220;default&#8220; background_color_opacity=&#8220;1&#8243; background_hover_color_opacity=&#8220;1&#8243; column_shadow=&#8220;none&#8220; column_border_radius=&#8220;none&#8220; column_link_target=&#8220;_self&#8220; column_position=&#8220;default&#8220; boxed=&#8220;true&#8220; gradient_direction=&#8220;left_to_right&#8220; overlay_strength=&#8220;0.3&#8243; width=&#8220;1\/2&#8243; tablet_width_inherit=&#8220;default&#8220; tablet_text_alignment=&#8220;default&#8220; phone_text_alignment=&#8220;default&#8220; animation_type=&#8220;default&#8220; bg_image_animation=&#8220;none&#8220; border_type=&#8220;simple&#8220; column_border_width=&#8220;none&#8220; column_border_style=&#8220;solid&#8220;][divider line_type=&#8220;No Line&#8220;][vc_column_text]\n<h4>Kontakt<\/h4>\n<p>Max-Sens-Platz 13<img loading=\"lazy\" decoding=\"async\" class=\"alignright wp-image-141\" src=\"https:\/\/www.stadtwerke-zerbst.de\/swz\/wp-content\/uploads\/2015\/12\/logo_baederportal-300x116.gif\" alt=\"\" width=\"200\" height=\"78\" \/><br \/>\n39261 Zerbst\/Anhalt<br \/>\nTelefon: 0392361790<\/p>\n<p><a href=\"&#x6d;a&#x69;&#108;&#x74;&#x6f;:&#x73;&#99;&#x68;&#x77;i&#x6d;&#109;&#x68;&#x61;l&#x6c;&#101;&#x2d;&#x7a;e&#x72;&#98;&#x73;&#x74;&#64;&#x74;&#45;&#x6f;&#x6e;l&#x69;&#110;&#x65;&#x2e;d&#x65;\">&#x73;&#x63;&#x68;&#x77;&#105;&#109;mha&#x6c;&#x6c;&#x65;&#x2d;&#122;&#101;rbs&#x74;&#x40;&#x74;&#x2d;&#111;&#110;&#108;in&#x65;&#x2e;&#x64;&#x65;<\/a>[\/vc_column_text][\/vc_column][\/vc_row][vc_row type=&#8220;in_container&#8220; full_screen_row_position=&#8220;middle&#8220; column_margin=&#8220;default&#8220; column_direction=&#8220;default&#8220; column_direction_tablet=&#8220;default&#8220; column_direction_phone=&#8220;default&#8220; scene_position=&#8220;center&#8220; text_color=&#8220;dark&#8220; text_align=&#8220;left&#8220; row_border_radius=&#8220;none&#8220; row_border_radius_applies=&#8220;bg&#8220; overflow=&#8220;visible&#8220; overlay_strength=&#8220;0.3&#8243; gradient_direction=&#8220;left_to_right&#8220; shape_divider_position=&#8220;bottom&#8220; bg_image_animation=&#8220;none&#8220;][vc_column column_padding=&#8220;no-extra-padding&#8220; column_padding_tablet=&#8220;inherit&#8220; column_padding_phone=&#8220;inherit&#8220; column_padding_position=&#8220;all&#8220; column_element_spacing=&#8220;default&#8220; background_color_opacity=&#8220;1&#8243; background_hover_color_opacity=&#8220;1&#8243; column_shadow=&#8220;none&#8220; column_border_radius=&#8220;none&#8220; column_link_target=&#8220;_self&#8220; column_position=&#8220;default&#8220; gradient_direction=&#8220;left_to_right&#8220; overlay_strength=&#8220;0.3&#8243; width=&#8220;1\/1&#8243; tablet_width_inherit=&#8220;default&#8220; tablet_text_alignment=&#8220;default&#8220; phone_text_alignment=&#8220;default&#8220; animation_type=&#8220;default&#8220; bg_image_animation=&#8220;none&#8220; border_type=&#8220;simple&#8220; column_border_width=&#8220;none&#8220; column_border_style=&#8220;solid&#8220;][vc_column_text]\n<h4>Eintrittspreise f\u00fcr das Erlebnisfreibad<\/h4>\n<p>(Die Preise sind ab 01.05.2024 g\u00fcltig)[\/vc_column_text][divider line_type=&#8220;No Line&#8220; custom_height=&#8220;40&#8243;][tabbed_section style=&#8220;minimal&#8220; alignment=&#8220;left&#8220; spacing=&#8220;default&#8220; tab_color=&#8220;Accent-Color&#8220; vs_content_animation=&#8220;fade&#8220; vs_link_animation=&#8220;opacity&#8220; vs_navigation_alignment=&#8220;left&#8220; vs_navigation_width_2=&#8220;25%&#8220; vs_navigation_func=&#8220;default&#8220; vs_navigation_width=&#8220;regular&#8220; vs_navigation_spacing=&#8220;15px&#8220; vs_navigation_mobile_display=&#8220;visible&#8220; vs_tab_spacing=&#8220;5%&#8220; cta_button_style=&#8220;accent-color&#8220; icon_size=&#8220;24&#8243;][tab icon_family=&#8220;none&#8220; title=&#8220;Bis 3 Stunden&#8220; tab_id=&#8220;1747812032856-6&#8243; id=&#8220;1747812032856-9&#8243;][vc_column_text]\n<table style=\"height: 148px;\" width=\"376\">\n<tbody>\n<tr>\n<td style=\"width: 10%;\">I.<\/td>\n<td style=\"width: 70%;\">Erwachsene<\/td>\n<td style=\"width: 20%; text-align: right;\"><strong>4,00 \u20ac<\/strong><\/td>\n<\/tr>\n<tr>\n<td>II.<\/td>\n<td>Erm\u00e4\u00dfigt (Kinder ab 3 Jahre, Jugendliche bis 18 Jahre Sch\u00fcler, Studenten, Schwerbehinderte,Arbeitslose, Leistungsempf\u00e4nger nach SGB II und XII)<\/td>\n<td style=\"text-align: right;\"><strong>3,00 \u20ac<\/strong><\/td>\n<\/tr>\n<tr>\n<td>III.<\/td>\n<td>Zehnerkarte Erwachsene<\/td>\n<td style=\"text-align: right;\"><strong>30,00 \u20ac<\/strong><\/td>\n<\/tr>\n<tr>\n<td>IV.<\/td>\n<td>Zehnerkarte f\u00fcr erm\u00e4\u00dfigte Besucher (bei Gruppennutzung 1 Betreuer freier Eintritt je 10 Personen)<\/td>\n<td style=\"text-align: right;\"><strong>20,00 \u20ac<\/strong><\/td>\n<\/tr>\n<tr>\n<td>V.<\/td>\n<td>Familienkarte (2 Erwachsene mit bis zu 2 Kindern unter 16 Jahre)<\/td>\n<td style=\"text-align: right;\"><strong>10,00 \u20ac<\/strong><\/td>\n<\/tr>\n<\/tbody>\n<\/table>\n[\/vc_column_text][\/tab][tab icon_family=&#8220;none&#8220; title=&#8220;Tageskarte&#8220; tab_id=&#8220;1747812032866-10&#8243; id=&#8220;1747812032866-5&#8243;][vc_column_text]\n<table style=\"height: 148px;\" width=\"376\">\n<tbody>\n<tr>\n<td style=\"width: 10%;\">VI.<\/td>\n<td style=\"width: 70%;\">Erwachsene<\/td>\n<td style=\"width: 20%; text-align: right;\"><strong>7,00 \u20ac<\/strong><\/td>\n<\/tr>\n<tr>\n<td>VII.<\/td>\n<td>Erm\u00e4\u00dfigt (Kinder ab 3 Jahre, Jugendliche bis 18 Jahre Sch\u00fcler, Studenten, Schwerbehinderte,Arbeitslose, Leistungsempf\u00e4nger nach SGB II und XII)<\/td>\n<td style=\"text-align: right;\"><strong>5,00 \u20ac<\/strong><\/td>\n<\/tr>\n<tr>\n<td>VIII.<\/td>\n<td>Zehnerkarte Erwachsene<\/td>\n<td style=\"text-align: right;\"><strong>60,00 \u20ac<\/strong><\/td>\n<\/tr>\n<tr>\n<td>IX.<\/td>\n<td>Zehnerkarte f\u00fcr erm\u00e4\u00dfigte Besucher (bei Gruppennutzung 1 Betreuer freier Eintritt je 10 Personen)<\/td>\n<td style=\"text-align: right;\"><strong>40,00 \u20ac<\/strong><\/td>\n<\/tr>\n<tr>\n<td>X.<\/td>\n<td>Familienkarte (2 Erwachsene mit bis zu 2 Kindern unter 16 Jahre)<\/td>\n<td style=\"text-align: right;\"><strong>18,00 \u20ac<\/strong><\/td>\n<\/tr>\n<\/tbody>\n<\/table>\n[\/vc_column_text][\/tab][tab icon_family=&#8220;none&#8220; title=&#8220;Nachl\u00f6segeb\u00fchren&#8220; tab_id=&#8220;1747812032871-9&#8243; id=&#8220;1747812032870-8&#8243;][vc_column_text]Bei \u00dcberschreitung der Nutzungsdauer von 3 Stunden wird der Differenzbetrag zur Tageskarte als Nachl\u00f6segeb\u00fchr f\u00e4llig[\/vc_column_text][\/tab][tab icon_family=&#8220;none&#8220; title=&#8220;Liegen &amp; Sonnenschirme&#8220; tab_id=&#8220;1747812032875-6&#8243; id=&#8220;1747812032875-0&#8243;][vc_column_text css=&#8220;.vc_custom_1716383603500{background-position: center !important;background-repeat: no-repeat !important;background-size: contain !important;}&#8220;]\n<table style=\"height: 148px;\" width=\"376\">\n<tbody>\n<tr>\n<td style=\"width: 40%;\"><strong>Liegen<\/strong><\/td>\n<td style=\"width: 30%;\">Tagesgeb\u00fchr von 3,00 \u20ac<\/td>\n<td style=\"width: 30%; text-align: right;\">Kaution 6,00 \u20ac<\/td>\n<\/tr>\n<tr>\n<td><strong>Sonnenschirm<\/strong><\/td>\n<td>Tagesgeb\u00fchr von 2,50 \u20ac<\/td>\n<td style=\"text-align: right;\">Kaution 6,00 \u20ac<\/td>\n<\/tr>\n<\/tbody>\n<\/table>\n[\/vc_column_text][\/tab][\/tabbed_section][\/vc_column][\/vc_row][vc_row type=&#8220;in_container&#8220; full_screen_row_position=&#8220;middle&#8220; column_margin=&#8220;default&#8220; column_direction=&#8220;default&#8220; column_direction_tablet=&#8220;default&#8220; column_direction_phone=&#8220;default&#8220; scene_position=&#8220;center&#8220; text_color=&#8220;dark&#8220; text_align=&#8220;left&#8220; row_border_radius=&#8220;none&#8220; row_border_radius_applies=&#8220;bg&#8220; overflow=&#8220;visible&#8220; overlay_strength=&#8220;0.3&#8243; gradient_direction=&#8220;left_to_right&#8220; shape_divider_position=&#8220;bottom&#8220; bg_image_animation=&#8220;none&#8220;][vc_column column_padding=&#8220;no-extra-padding&#8220; column_padding_tablet=&#8220;inherit&#8220; column_padding_phone=&#8220;inherit&#8220; column_padding_position=&#8220;all&#8220; column_element_spacing=&#8220;default&#8220; background_color_opacity=&#8220;1&#8243; background_hover_color_opacity=&#8220;1&#8243; column_shadow=&#8220;none&#8220; column_border_radius=&#8220;none&#8220; column_link_target=&#8220;_self&#8220; column_position=&#8220;default&#8220; gradient_direction=&#8220;left_to_right&#8220; overlay_strength=&#8220;0.3&#8243; width=&#8220;1\/1&#8243; tablet_width_inherit=&#8220;default&#8220; tablet_text_alignment=&#8220;default&#8220; phone_text_alignment=&#8220;default&#8220; animation_type=&#8220;default&#8220; bg_image_animation=&#8220;none&#8220; border_type=&#8220;simple&#8220; column_border_width=&#8220;none&#8220; column_border_style=&#8220;solid&#8220;][vc_column_text]\n<h4>Bildergalerie Erlebnisbad<\/h4>\n[\/vc_column_text][divider line_type=&#8220;No Line&#8220;][vc_gallery type=&#8220;image_grid&#8220; images=&#8220;133,132,131,130,129,128,127,126&#8243; image_grid_loading=&#8220;default&#8220; layout=&#8220;4&#8243; item_spacing=&#8220;default&#8220; gallery_style=&#8220;1&#8243; load_in_animation=&#8220;none&#8220; img_size=&#8220;800&#215;534&#8243;][\/vc_column][\/vc_row]\n","protected":false},"excerpt":{"rendered":"<p>[vc_row type=&#8220;in_container&#8220; full_screen_row_position=&#8220;middle&#8220; column_margin=&#8220;default&#8220; column_direction=&#8220;default&#8220; column_direction_tablet=&#8220;default&#8220; column_direction_phone=&#8220;default&#8220; scene_position=&#8220;center&#8220; text_color=&#8220;dark&#8220; text_align=&#8220;left&#8220; row_border_radius=&#8220;none&#8220; row_border_radius_applies=&#8220;bg&#8220; overflow=&#8220;visible&#8220; overlay_strength=&#8220;0.3&#8243; gradient_direction=&#8220;left_to_right&#8220; shape_divider_position=&#8220;bottom&#8220; bg_image_animation=&#8220;none&#8220;][vc_column column_padding=&#8220;no-extra-padding&#8220; column_padding_tablet=&#8220;inherit&#8220; column_padding_phone=&#8220;inherit&#8220; column_padding_position=&#8220;all&#8220; column_element_spacing=&#8220;default&#8220; background_color_opacity=&#8220;1&#8243; background_hover_color_opacity=&#8220;1&#8243; column_shadow=&#8220;none&#8220; column_border_radius=&#8220;none&#8220; column_link_target=&#8220;_self&#8220; column_position=&#8220;default&#8220; gradient_direction=&#8220;left_to_right&#8220; overlay_strength=&#8220;0.3&#8243;&#8230;<\/p>\n","protected":false},"author":1,"featured_media":0,"parent":0,"menu_order":0,"comment_status":"closed","ping_status":"closed","template":"","meta":{"_exactmetrics_skip_tracking":false,"_exactmetrics_sitenote_active":false,"_exactmetrics_sitenote_note":"","_exactmetrics_sitenote_category":0,"footnotes":""},"class_list":["post-8","page","type-page","status-publish"],"_links":{"self":[{"href":"https:\/\/www.stadtwerke-zerbst.de\/swz\/index.php\/wp-json\/wp\/v2\/pages\/8","targetHints":{"allow":["GET"]}}],"collection":[{"href":"https:\/\/www.stadtwerke-zerbst.de\/swz\/index.php\/wp-json\/wp\/v2\/pages"}],"about":[{"href":"https:\/\/www.stadtwerke-zerbst.de\/swz\/index.php\/wp-json\/wp\/v2\/types\/page"}],"author":[{"embeddable":true,"href":"https:\/\/www.stadtwerke-zerbst.de\/swz\/index.php\/wp-json\/wp\/v2\/users\/1"}],"replies":[{"embeddable":true,"href":"https:\/\/www.stadtwerke-zerbst.de\/swz\/index.php\/wp-json\/wp\/v2\/comments?post=8"}],"version-history":[{"count":65,"href":"https:\/\/www.stadtwerke-zerbst.de\/swz\/index.php\/wp-json\/wp\/v2\/pages\/8\/revisions"}],"predecessor-version":[{"id":1918,"href":"https:\/\/www.stadtwerke-zerbst.de\/swz\/index.php\/wp-json\/wp\/v2\/pages\/8\/revisions\/1918"}],"wp:attachment":[{"href":"https:\/\/www.stadtwerke-zerbst.de\/swz\/index.php\/wp-json\/wp\/v2\/media?parent=8"}],"curies":[{"name":"wp","href":"https:\/\/api.w.org\/{rel}","templated":true}]}}