{"id":10,"date":"2015-12-07T11:45:27","date_gmt":"2015-12-07T10:45:27","guid":{"rendered":"http:\/\/www.stadtwerke-zerbst.de\/swz\/?page_id=10"},"modified":"2026-01-12T14:04:23","modified_gmt":"2026-01-12T13:04:23","slug":"volksschwimmhalle","status":"publish","type":"page","link":"https:\/\/www.stadtwerke-zerbst.de\/swz\/index.php\/volksschwimmhalle\/","title":{"rendered":"Volksschwimmhalle"},"content":{"rendered":"[vc_row type=&#8220;in_container&#8220; full_screen_row_position=&#8220;middle&#8220; column_margin=&#8220;default&#8220; column_direction=&#8220;default&#8220; column_direction_tablet=&#8220;default&#8220; column_direction_phone=&#8220;default&#8220; scene_position=&#8220;center&#8220; text_color=&#8220;dark&#8220; text_align=&#8220;left&#8220; row_border_radius=&#8220;none&#8220; row_border_radius_applies=&#8220;bg&#8220; overflow=&#8220;visible&#8220; overlay_strength=&#8220;0.3&#8243; gradient_direction=&#8220;left_to_right&#8220; shape_divider_position=&#8220;bottom&#8220; bg_image_animation=&#8220;none&#8220;][vc_column column_padding=&#8220;no-extra-padding&#8220; column_padding_tablet=&#8220;inherit&#8220; column_padding_phone=&#8220;inherit&#8220; column_padding_position=&#8220;all&#8220; column_element_spacing=&#8220;default&#8220; background_color_opacity=&#8220;1&#8243; background_hover_color_opacity=&#8220;1&#8243; column_shadow=&#8220;none&#8220; column_border_radius=&#8220;none&#8220; column_link_target=&#8220;_self&#8220; column_position=&#8220;default&#8220; gradient_direction=&#8220;left_to_right&#8220; overlay_strength=&#8220;0.3&#8243; width=&#8220;1\/1&#8243; tablet_width_inherit=&#8220;default&#8220; tablet_text_alignment=&#8220;default&#8220; phone_text_alignment=&#8220;default&#8220; animation_type=&#8220;default&#8220; bg_image_animation=&#8220;none&#8220; border_type=&#8220;simple&#8220; column_border_width=&#8220;none&#8220; column_border_style=&#8220;solid&#8220;][divider line_type=&#8220;No Line&#8220;][vc_column_text]\n<h2>\u00a0Volksschwimmhalle<\/h2>\n[\/vc_column_text][divider line_type=&#8220;Full Width Line&#8220; line_thickness=&#8220;1&#8243; divider_color=&#8220;accent-color&#8220;][vc_column_text]\n<h4>Kontakt<\/h4>\n<p>Wolfsbr\u00fccke 3<br \/>\n39261 Zerbst\/Anhalt<br \/>\nTelefon: 03923 4526<br \/>\nKassenbereich: 03923 620 991<\/p>\n<p><a href=\"&#x6d;&#97;&#105;l&#x74;&#x6f;&#58;s&#x63;&#x68;&#119;i&#x6d;&#x6d;&#104;a&#x6c;&#x6c;&#101;-&#x7a;&#x65;&#114;b&#x73;&#x74;&#64;&#116;-&#x6f;&#x6e;&#108;i&#x6e;&#x65;&#46;d&#x65;\">sc&#104;&#119;&#105;&#x6d;&#x6d;&#x68;&#x61;ll&#101;&#45;&#122;&#x65;&#x72;&#x62;&#x73;t&#64;&#116;&#45;&#111;&#x6e;&#x6c;&#x69;&#x6e;e&#46;&#100;&#101;<\/a>[\/vc_column_text][divider line_type=&#8220;No Line&#8220; custom_height=&#8220;30&#8243;][\/vc_column][\/vc_row][vc_row type=&#8220;in_container&#8220; full_screen_row_position=&#8220;middle&#8220; column_margin=&#8220;default&#8220; equal_height=&#8220;yes&#8220; column_direction=&#8220;default&#8220; column_direction_tablet=&#8220;default&#8220; column_direction_phone=&#8220;default&#8220; scene_position=&#8220;center&#8220; text_color=&#8220;dark&#8220; text_align=&#8220;left&#8220; row_border_radius=&#8220;none&#8220; row_border_radius_applies=&#8220;bg&#8220; overflow=&#8220;visible&#8220; overlay_strength=&#8220;0.3&#8243; gradient_direction=&#8220;left_to_right&#8220; shape_divider_position=&#8220;bottom&#8220; bg_image_animation=&#8220;none&#8220; shape_type=&#8220;&#8220;][vc_column column_padding=&#8220;padding-2-percent&#8220; column_padding_tablet=&#8220;inherit&#8220; column_padding_phone=&#8220;inherit&#8220; column_padding_position=&#8220;right&#8220; column_element_spacing=&#8220;default&#8220; background_color_opacity=&#8220;1&#8243; background_hover_color_opacity=&#8220;1&#8243; column_shadow=&#8220;none&#8220; column_border_radius=&#8220;none&#8220; column_link_target=&#8220;_self&#8220; column_position=&#8220;default&#8220; gradient_direction=&#8220;left_to_right&#8220; overlay_strength=&#8220;0.3&#8243; width=&#8220;1\/2&#8243; tablet_width_inherit=&#8220;default&#8220; tablet_text_alignment=&#8220;default&#8220; phone_text_alignment=&#8220;default&#8220; animation_type=&#8220;default&#8220; bg_image_animation=&#8220;none&#8220; border_type=&#8220;simple&#8220; column_border_width=&#8220;none&#8220; column_border_style=&#8220;solid&#8220;][vc_column_text]\n<h4>Eintrittspreise f\u00fcr die Volksschwimmhalle<\/h4>\n<table>\n<tbody>\n<tr>\n<td><\/td>\n<td><strong>\u00a02 Stunden<\/strong><\/td>\n<td><strong>\u00a01 Stunde<\/strong><\/td>\n<\/tr>\n<tr>\n<td>\u00a0Erwachsene<\/td>\n<td style=\"text-align: center;\">\u00a05,00 \u20ac<\/td>\n<td style=\"text-align: center;\">4,00 \u20ac<\/td>\n<\/tr>\n<tr>\n<td>\u00a0Erm\u00e4\u00dfigt *<\/td>\n<td style=\"text-align: center;\">\u00a04,00 \u20ac<\/td>\n<td style=\"text-align: center;\">\u00a03,00 \u20ac<\/td>\n<\/tr>\n<tr>\n<td><\/td>\n<td style=\"text-align: center;\" colspan=\"2\"><\/td>\n<\/tr>\n<tr>\n<td>\u00a012er Blockkarte Erwachsene<\/td>\n<td style=\"text-align: center;\">\u00a050,00 \u20ac<\/td>\n<td style=\"text-align: center;\">\u00a040,00 \u20ac<\/td>\n<\/tr>\n<tr>\n<td>\u00a012er Blockkarte Erm\u00e4\u00dfigt *<\/td>\n<td style=\"text-align: center;\">\u00a040,00 \u20ac<\/td>\n<td style=\"text-align: center;\">\u00a030,00 \u20ac<\/td>\n<\/tr>\n<tr>\n<td>\u00a0Familienkarte*<\/td>\n<td style=\"text-align: center;\">\u00a012,00 \u20ac<\/td>\n<td style=\"text-align: center;\">\u00a010,00 \u20ac<\/td>\n<\/tr>\n<tr>\n<td>Aquafitness (45 Minuten Flach- und Tiefwassertraining)<\/td>\n<td style=\"text-align: center;\" colspan=\"2\">10,00 \u20ac<\/td>\n<\/tr>\n<tr>\n<td>Anf\u00e4nger-Schwimmkurs<\/td>\n<td style=\"text-align: center;\" colspan=\"2\">80,00 \u20ac<\/td>\n<\/tr>\n<tr>\n<td>Nachl\u00f6segeb\u00fchr (pro angefangene Stunde)<\/td>\n<td style=\"text-align: center;\" colspan=\"2\">2,00 \u20ac<\/td>\n<\/tr>\n<\/tbody>\n<\/table>\n[\/vc_column_text][divider line_type=&#8220;No Line&#8220;][vc_column_text]*(Kinder ab 4 Jahre, Jugendliche bis 18 Jahre, Sch\u00fcler, Studenten, Schwerbehinderte, Arbeitslose)[\/vc_column_text][\/vc_column][vc_column column_padding=&#8220;no-extra-padding&#8220; column_padding_tablet=&#8220;inherit&#8220; column_padding_phone=&#8220;inherit&#8220; column_padding_position=&#8220;all&#8220; column_element_spacing=&#8220;default&#8220; background_color_opacity=&#8220;1&#8243; background_hover_color_opacity=&#8220;1&#8243; column_shadow=&#8220;none&#8220; column_border_radius=&#8220;none&#8220; column_link_target=&#8220;_self&#8220; column_position=&#8220;default&#8220; gradient_direction=&#8220;left_to_right&#8220; overlay_strength=&#8220;0.3&#8243; width=&#8220;1\/2&#8243; tablet_width_inherit=&#8220;default&#8220; tablet_text_alignment=&#8220;default&#8220; phone_text_alignment=&#8220;default&#8220; animation_type=&#8220;default&#8220; bg_image_animation=&#8220;none&#8220; border_type=&#8220;simple&#8220; column_border_width=&#8220;none&#8220; column_border_style=&#8220;solid&#8220;][vc_column_text][\/vc_column_text][vc_column_text]\n<h4><\/h4>\n<h4 id=\"#oeffnungszeiten-volksschwimmhalle\">\u00d6ffnungszeiten der Volksschwimmhalle<\/h4>\n<table style=\"width: 100%;\">\n<tbody>\n<tr>\n<td style=\"width: 25%;\">Montag<\/td>\n<td style=\"width: 50%; text-align: center;\">07.00 &#8211; 08.30 Uhr<br \/>\n10.00 &#8211; 21.00 Uhr<\/td>\n<td style=\"width: 25%;\"><\/td>\n<\/tr>\n<tr>\n<td>Dienstag<\/td>\n<td style=\"text-align: center;\">07.00 &#8211; 08.30 Uhr<br \/>\n10.00 &#8211; 21.00 Uhr<\/td>\n<td><\/td>\n<\/tr>\n<tr>\n<td>Mittwoch<\/td>\n<td style=\"text-align: center;\">07.00 &#8211; 08.30 Uhr<br \/>\n10.00 &#8211; 17.00 Uhr<\/td>\n<td><\/td>\n<\/tr>\n<tr>\n<td rowspan=\"2\">Donnerstag<\/td>\n<td style=\"text-align: center;\">08.00 &#8211; 09.00 Uhr<\/td>\n<td>Aqua-Fitness<\/td>\n<\/tr>\n<tr>\n<td style=\"text-align: center;\">07.00 &#8211; 08.30 Uhr<br \/>\n10.00 &#8211; 21.00 Uhr<\/td>\n<td><\/td>\n<\/tr>\n<tr>\n<td>Freitag<\/td>\n<td style=\"text-align: center;\">07.00 &#8211; 08.30 Uhr<br \/>\n11.00 &#8211; 21.00 Uhr<\/td>\n<td><\/td>\n<\/tr>\n<tr>\n<td rowspan=\"2\">Samstag<\/td>\n<td style=\"text-align: center;\">09.00 &#8211; 10.00 Uhr<\/td>\n<td>Aqua-Fitness<\/td>\n<\/tr>\n<tr>\n<td style=\"text-align: center;\">10.00 &#8211; 16.00 Uhr<\/td>\n<td><\/td>\n<\/tr>\n<tr>\n<td>Sonntag<\/td>\n<td style=\"text-align: center;\">09.00 &#8211; 16.00 Uhr<\/td>\n<td><\/td>\n<\/tr>\n<\/tbody>\n<\/table>\n<p>(1 Stunde vor Schlie\u00dfung Kassenschluss)[\/vc_column_text][\/vc_column][\/vc_row][vc_row type=&#8220;in_container&#8220; full_screen_row_position=&#8220;middle&#8220; column_margin=&#8220;default&#8220; column_direction=&#8220;default&#8220; column_direction_tablet=&#8220;default&#8220; column_direction_phone=&#8220;default&#8220; scene_position=&#8220;center&#8220; text_color=&#8220;dark&#8220; text_align=&#8220;left&#8220; row_border_radius=&#8220;none&#8220; row_border_radius_applies=&#8220;bg&#8220; overflow=&#8220;visible&#8220; overlay_strength=&#8220;0.3&#8243; gradient_direction=&#8220;left_to_right&#8220; shape_divider_position=&#8220;bottom&#8220; bg_image_animation=&#8220;none&#8220;][vc_column column_padding=&#8220;no-extra-padding&#8220; column_padding_tablet=&#8220;inherit&#8220; column_padding_phone=&#8220;inherit&#8220; column_padding_position=&#8220;all&#8220; column_element_spacing=&#8220;default&#8220; background_color_opacity=&#8220;1&#8243; background_hover_color_opacity=&#8220;1&#8243; column_shadow=&#8220;none&#8220; column_border_radius=&#8220;none&#8220; column_link_target=&#8220;_self&#8220; column_position=&#8220;default&#8220; gradient_direction=&#8220;left_to_right&#8220; overlay_strength=&#8220;0.3&#8243; width=&#8220;1\/1&#8243; tablet_width_inherit=&#8220;default&#8220; tablet_text_alignment=&#8220;default&#8220; phone_text_alignment=&#8220;default&#8220; animation_type=&#8220;default&#8220; bg_image_animation=&#8220;none&#8220; border_type=&#8220;simple&#8220; column_border_width=&#8220;none&#8220; column_border_style=&#8220;solid&#8220;][vc_column_text]\n<h3><strong>Energetische Sanierung der Ostfassade der Schwimmhalle Zerbst\/Anhalt<\/strong><\/h3>\n<p>Die Schwimmhalle Zerbst\/Anhalt erh\u00e4lt eine neue, energieeffiziente Ostfassade. Die bestehende Fassade aus Glasbausteinen, die rund 135\u202fm\u00b2 der Ostseite einnimmt, entsprach nicht mehr den heutigen Anforderungen an W\u00e4rmed\u00e4mmung und Energieeffizienz.<\/p>\n<p>Im Rahmen der Sanierungsma\u00dfnahme wird die alte Glasbausteinkonstruktion durch eine moderne Pfosten-Riegel-Fassade mit W\u00e4rmeschutzverglasung ersetzt. Ziel ist es, die W\u00e4rmeverluste deutlich zu reduzieren und dadurch langfristig den Energieverbrauch sowie die Betriebskosten zu senken.<\/p>\n<p>Das Bauvorhaben wird im Zeitraum von Juli 2024 bis Mai 2025 umgesetzt.<br \/>\nDas Gesamtbudget bel\u00e4uft sich auf 349.361,00\u202f\u20ac, wovon 244.552,70\u202f\u20ac durch Mittel der Europ\u00e4ischen Union gef\u00f6rdert werden.<\/p>\n<p><strong>Ziel des Projekts:<\/strong><\/p>\n<ul>\n<li>Verbesserung der Energieeffizienz<\/li>\n<li>Reduzierung von W\u00e4rmeverlusten<\/li>\n<li>Nachhaltige Optimierung des Geb\u00e4udebetriebs<\/li>\n<\/ul>\n<p><strong>Ergebnisse:<\/strong><\/p>\n<ul>\n<li>Neue w\u00e4rmed\u00e4mmende Fassade<\/li>\n<li>Reduzierter Energiebedarf<\/li>\n<li>Beitrag zum Klimaschutz<\/li>\n<\/ul>\n<p><img loading=\"lazy\" decoding=\"async\" class=\"alignleft wp-image-1901 size-medium\" src=\"https:\/\/www.stadtwerke-zerbst.de\/swz\/wp-content\/uploads\/2025\/04\/ST_EU_Kofinanziert_4c-300x101.jpg\" alt=\"\" width=\"300\" height=\"101\" srcset=\"https:\/\/www.stadtwerke-zerbst.de\/swz\/wp-content\/uploads\/2025\/04\/ST_EU_Kofinanziert_4c-300x101.jpg 300w, https:\/\/www.stadtwerke-zerbst.de\/swz\/wp-content\/uploads\/2025\/04\/ST_EU_Kofinanziert_4c-1024x343.jpg 1024w, https:\/\/www.stadtwerke-zerbst.de\/swz\/wp-content\/uploads\/2025\/04\/ST_EU_Kofinanziert_4c-768x257.jpg 768w, https:\/\/www.stadtwerke-zerbst.de\/swz\/wp-content\/uploads\/2025\/04\/ST_EU_Kofinanziert_4c-1536x515.jpg 1536w, https:\/\/www.stadtwerke-zerbst.de\/swz\/wp-content\/uploads\/2025\/04\/ST_EU_Kofinanziert_4c-2048x686.jpg 2048w\" sizes=\"auto, (max-width: 300px) 100vw, 300px\" \/><\/p>\n<p>&nbsp;<\/p>\n<p><img loading=\"lazy\" decoding=\"async\" class=\"size-medium wp-image-1900 alignnone\" src=\"https:\/\/www.stadtwerke-zerbst.de\/swz\/wp-content\/uploads\/2025\/04\/20100909_endfassung_logo-mef-300x180.jpg\" alt=\"\" width=\"300\" height=\"180\" srcset=\"https:\/\/www.stadtwerke-zerbst.de\/swz\/wp-content\/uploads\/2025\/04\/20100909_endfassung_logo-mef-300x180.jpg 300w, https:\/\/www.stadtwerke-zerbst.de\/swz\/wp-content\/uploads\/2025\/04\/20100909_endfassung_logo-mef-1024x614.jpg 1024w, https:\/\/www.stadtwerke-zerbst.de\/swz\/wp-content\/uploads\/2025\/04\/20100909_endfassung_logo-mef-768x461.jpg 768w, https:\/\/www.stadtwerke-zerbst.de\/swz\/wp-content\/uploads\/2025\/04\/20100909_endfassung_logo-mef-1536x921.jpg 1536w, https:\/\/www.stadtwerke-zerbst.de\/swz\/wp-content\/uploads\/2025\/04\/20100909_endfassung_logo-mef.jpg 1772w\" sizes=\"auto, (max-width: 300px) 100vw, 300px\" \/>[\/vc_column_text][\/vc_column][\/vc_row][vc_row type=&#8220;in_container&#8220; full_screen_row_position=&#8220;middle&#8220; column_margin=&#8220;default&#8220; column_direction=&#8220;default&#8220; column_direction_tablet=&#8220;default&#8220; column_direction_phone=&#8220;default&#8220; scene_position=&#8220;center&#8220; text_color=&#8220;dark&#8220; text_align=&#8220;left&#8220; row_border_radius=&#8220;none&#8220; row_border_radius_applies=&#8220;bg&#8220; overflow=&#8220;visible&#8220; overlay_strength=&#8220;0.3&#8243; gradient_direction=&#8220;left_to_right&#8220; shape_divider_position=&#8220;bottom&#8220; bg_image_animation=&#8220;none&#8220;][vc_column column_padding=&#8220;no-extra-padding&#8220; column_padding_tablet=&#8220;inherit&#8220; column_padding_phone=&#8220;inherit&#8220; column_padding_position=&#8220;all&#8220; column_element_spacing=&#8220;default&#8220; background_color_opacity=&#8220;1&#8243; background_hover_color_opacity=&#8220;1&#8243; column_shadow=&#8220;none&#8220; column_border_radius=&#8220;none&#8220; column_link_target=&#8220;_self&#8220; column_position=&#8220;default&#8220; gradient_direction=&#8220;left_to_right&#8220; overlay_strength=&#8220;0.3&#8243; width=&#8220;1\/1&#8243; tablet_width_inherit=&#8220;default&#8220; tablet_text_alignment=&#8220;default&#8220; phone_text_alignment=&#8220;default&#8220; animation_type=&#8220;default&#8220; bg_image_animation=&#8220;none&#8220; border_type=&#8220;simple&#8220; column_border_width=&#8220;none&#8220; column_border_style=&#8220;solid&#8220;][vc_column_text]\n<h4>Lage der Volksschwimmhalle<\/h4>\n[\/vc_column_text][divider line_type=&#8220;No Line&#8220;][vc_column_text]<div class=\"BorlabsCookie _brlbs-cb-googlemaps\"><div class=\"_brlbs-content-blocker\"> <div class=\"_brlbs-embed _brlbs-google-maps\"> <img class=\"_brlbs-thumbnail\" src=\"https:\/\/www.stadtwerke-zerbst.de\/swz\/wp-content\/plugins\/borlabs-cookie\/assets\/images\/cb-maps.png\" alt=\"Google Maps\"> <div class=\"_brlbs-caption\"> <p>Mit dem Laden der Karte akzeptieren Sie die Datenschutzerkl\u00e4rung von Google.<br><a href=\"https:\/\/policies.google.com\/privacy\" target=\"_blank\" rel=\"nofollow noopener noreferrer\">Mehr erfahren<\/a><\/p> <p><a class=\"_brlbs-btn\" href=\"#\" data-borlabs-cookie-unblock role=\"button\">Karte laden<\/a><\/p> <p><label><input type=\"checkbox\" name=\"unblockAll\" value=\"1\" checked> <small>Google Maps immer entsperren<\/small><\/label><\/p> <\/div> <\/div> <\/div><div class=\"borlabs-hide\" data-borlabs-cookie-type=\"content-blocker\" data-borlabs-cookie-id=\"googlemaps\"><script type=\"text\/template\">PGlmcmFtZSBsb2FkaW5nPSJsYXp5IiBzdHlsZT0iYm9yZGVyOiAwOyIgc3JjPSJodHRwczovL3d3dy5nb29nbGUuY29tL21hcHMvZW1iZWQ\/cGI9ITFtMTghMW0xMiExbTMhMWQyNDU3LjY5NzkwNzMxNTMzODQhMmQxMi4wODc2MzQxMTUzODMxMzkhM2Q1MS45NzU5MzIwODQxNTg4NyEybTMhMWYwITJmMCEzZjAhM20yITFpMTAyNCEyaTc2OCE0ZjEzLjEhM20zITFtMiExczB4NDdhNjA0NmFjZTQ0ZmY3ZCUzQTB4YjljOTQwZTIyOTE2NWEyNiEyc01heC1TZW5zLVBsYXR6KzEzJTJDKzM5MjYxK1plcmJzdCUyRkFuaGFsdCE1ZTAhM20yITFzZW4hMnNkZSE0djE1NDQwODkxMTM2MjYiIHdpZHRoPSI4MDAiIGhlaWdodD0iMjAwIiBmcmFtZWJvcmRlcj0iMCIgYWxsb3dmdWxsc2NyZWVuPSJhbGxvd2Z1bGxzY3JlZW4iPjwvaWZyYW1lPg==<\/script><\/div><\/div>[\/vc_column_text][\/vc_column][\/vc_row]\n","protected":false},"excerpt":{"rendered":"<p>[vc_row type=&#8220;in_container&#8220; full_screen_row_position=&#8220;middle&#8220; column_margin=&#8220;default&#8220; column_direction=&#8220;default&#8220; column_direction_tablet=&#8220;default&#8220; column_direction_phone=&#8220;default&#8220; scene_position=&#8220;center&#8220; text_color=&#8220;dark&#8220; text_align=&#8220;left&#8220; row_border_radius=&#8220;none&#8220; row_border_radius_applies=&#8220;bg&#8220; overflow=&#8220;visible&#8220; overlay_strength=&#8220;0.3&#8243; gradient_direction=&#8220;left_to_right&#8220; shape_divider_position=&#8220;bottom&#8220; bg_image_animation=&#8220;none&#8220;][vc_column column_padding=&#8220;no-extra-padding&#8220; column_padding_tablet=&#8220;inherit&#8220; column_padding_phone=&#8220;inherit&#8220; column_padding_position=&#8220;all&#8220; column_element_spacing=&#8220;default&#8220; background_color_opacity=&#8220;1&#8243; background_hover_color_opacity=&#8220;1&#8243; column_shadow=&#8220;none&#8220; column_border_radius=&#8220;none&#8220; column_link_target=&#8220;_self&#8220; column_position=&#8220;default&#8220; gradient_direction=&#8220;left_to_right&#8220; overlay_strength=&#8220;0.3&#8243;&#8230;<\/p>\n","protected":false},"author":1,"featured_media":0,"parent":0,"menu_order":0,"comment_status":"closed","ping_status":"closed","template":"","meta":{"_exactmetrics_skip_tracking":false,"_exactmetrics_sitenote_active":false,"_exactmetrics_sitenote_note":"","_exactmetrics_sitenote_category":0,"footnotes":""},"class_list":["post-10","page","type-page","status-publish"],"_links":{"self":[{"href":"https:\/\/www.stadtwerke-zerbst.de\/swz\/index.php\/wp-json\/wp\/v2\/pages\/10","targetHints":{"allow":["GET"]}}],"collection":[{"href":"https:\/\/www.stadtwerke-zerbst.de\/swz\/index.php\/wp-json\/wp\/v2\/pages"}],"about":[{"href":"https:\/\/www.stadtwerke-zerbst.de\/swz\/index.php\/wp-json\/wp\/v2\/types\/page"}],"author":[{"embeddable":true,"href":"https:\/\/www.stadtwerke-zerbst.de\/swz\/index.php\/wp-json\/wp\/v2\/users\/1"}],"replies":[{"embeddable":true,"href":"https:\/\/www.stadtwerke-zerbst.de\/swz\/index.php\/wp-json\/wp\/v2\/comments?post=10"}],"version-history":[{"count":122,"href":"https:\/\/www.stadtwerke-zerbst.de\/swz\/index.php\/wp-json\/wp\/v2\/pages\/10\/revisions"}],"predecessor-version":[{"id":1988,"href":"https:\/\/www.stadtwerke-zerbst.de\/swz\/index.php\/wp-json\/wp\/v2\/pages\/10\/revisions\/1988"}],"wp:attachment":[{"href":"https:\/\/www.stadtwerke-zerbst.de\/swz\/index.php\/wp-json\/wp\/v2\/media?parent=10"}],"curies":[{"name":"wp","href":"https:\/\/api.w.org\/{rel}","templated":true}]}}